{"id":373,"date":"2023-05-07T19:06:56","date_gmt":"2023-05-07T19:06:56","guid":{"rendered":"http:\/\/plataformatrans.es\/?page_id=373"},"modified":"2026-07-23T13:42:27","modified_gmt":"2026-07-23T11:42:27","slug":"obras-artisticas-culturales","status":"publish","type":"page","link":"https:\/\/plataformatrans.es\/index.php\/obras-artisticas-culturales\/","title":{"rendered":"Obras art\u00edsticas y culturales &#8211; Plataforma Trans"},"content":{"rendered":"<div data-colibri-id=\"373-c1\" class=\"style-318 style-local-373-c1 position-relative\">\n  <!---->\n  <div data-colibri-component=\"section\" data-colibri-id=\"373-c2\" id=\"overlappable\" class=\"h-section h-section-global-spacing d-flex align-items-lg-center align-items-md-center align-items-center style-354 style-local-373-c2 position-relative\">\n    <!---->\n    <!---->\n    <div class=\"h-section-grid-container h-section-boxed-container\">\n      <!---->\n      <div data-colibri-id=\"373-c3\" class=\"h-row-container gutters-row-lg-2 gutters-row-md-0 gutters-row-2 gutters-row-v-lg-2 gutters-row-v-md-0 gutters-row-v-2 style-355 style-local-373-c3 position-relative\">\n        <!---->\n        <div class=\"h-row justify-content-lg-center justify-content-md-center justify-content-center align-items-lg-stretch align-items-md-stretch align-items-stretch gutters-col-lg-2 gutters-col-md-0 gutters-col-2 gutters-col-v-lg-2 gutters-col-v-md-0 gutters-col-v-2\">\n          <!---->\n          <div class=\"h-column h-column-container d-flex h-col-lg-4 h-col-md-4 h-col-12 style-356-outer style-local-373-c4-outer\">\n            <div data-colibri-id=\"373-c4\" class=\"d-flex h-flex-basis h-column__inner h-px-lg-2 h-px-md-3 h-px-2 v-inner-lg-0 v-inner-md-3 v-inner-2 style-356 style-local-373-c4 position-relative\">\n              <!---->\n              <!---->\n              <div class=\"w-100 h-y-container h-column__content h-column__v-align flex-basis-100 align-self-lg-start align-self-md-start align-self-start\">\n                <!---->\n                <div data-colibri-id=\"373-c5\" class=\"h-icon style-357 style-local-373-c5 position-relative h-element\">\n                  <!----><span class=\"h-svg-icon h-icon__icon style-357-icon style-local-373-c5-icon\"><!--Icon by Icons8 Line Awesome (https:\/\/icons8.com\/line-awesome)--><svg version=\"1.1\" xmlns=\"http:\/\/www.w3.org\/2000\/svg\" xmlns:xlink=\"http:\/\/www.w3.org\/1999\/xlink\" id=\"clone\" viewBox=\"0 0 512 545.5\"><path d=\"M80 112h272v64h-32v-32H112v208h32v32H80V112zm80 80h272v272H160V192zm32 32v208h208V224H192z\"><\/path><\/svg><\/span><\/div>\n                <div\n                  data-colibri-id=\"373-c6\" class=\"h-global-transition-all h-heading style-358 style-local-373-c6 position-relative h-element\">\n                  <!---->\n                  <div class=\"h-heading__outer style-358 style-local-373-c6\">\n                    <!---->\n                    <!---->\n                    <h5 class=\"\">obras y exposiciones<\/h5>\n                  <\/div>\n              <\/div>\n              <div data-colibri-id=\"373-c7\" class=\"h-text h-text-component style-359 style-local-373-c7 position-relative h-element\">\n                <!---->\n                <!---->\n                <div class=\"\">\n                  <p>Obras y exposiciones culturales sobre y para el colectivo trans.<\/p>\n                <\/div>\n              <\/div>\n            <\/div>\n          <\/div>\n        <\/div>\n        <div class=\"h-column h-column-container d-flex h-col-lg-4 h-col-md-4 h-col-12 style-356-outer style-local-373-c8-outer\">\n          <div data-colibri-id=\"373-c8\" class=\"d-flex h-flex-basis h-column__inner h-px-lg-2 h-px-md-3 h-px-2 v-inner-lg-0 v-inner-md-3 v-inner-2 style-356 style-local-373-c8 position-relative\">\n            <!---->\n            <!---->\n            <div class=\"w-100 h-y-container h-column__content h-column__v-align flex-basis-100 align-self-lg-start align-self-md-start align-self-start\">\n              <!---->\n              <div data-colibri-id=\"373-c9\" class=\"h-icon style-357 style-local-373-c9 position-relative h-element\">\n                <!----><span class=\"h-svg-icon h-icon__icon style-357-icon style-local-373-c9-icon\"><!--Icon by Font Awesome (https:\/\/fontawesome.com)-->\n    <svg version=\"1.1\" xmlns=\"http:\/\/www.w3.org\/2000\/svg\" xmlns:xlink=\"http:\/\/www.w3.org\/1999\/xlink\" id=\"eye\" viewBox=\"0 0 1792 1896.0833\">\n      <path d=\"M1664 960q-152-236-381-353 61 104 61 225 0 185-131.5 316.5T896 1280t-316.5-131.5T448 832q0-121 61-225-229 117-381 353 133 205 333.5 326.5T896 1408t434.5-121.5T1664 960zM944 576q0-20-14-34t-34-14q-125 0-214.5 89.5T592 832q0 20 14 34t34 14 34-14 14-34q0-86 61-147t147-61q20 0 34-14t14-34zm848 384q0 34-20 69-140 230-376.5 368.5T896 1536t-499.5-139T20 1029Q0 994 0 960t20-69q140-229 376.5-368T896 384t499.5 139T1772 891q20 35 20 69z\"><\/path>\n    <\/svg><\/span><\/div>\n              <div data-colibri-id=\"373-c10\" class=\"h-global-transition-all h-heading style-358 style-local-373-c10 position-relative h-element\">\n                <!---->\n                <div class=\"h-heading__outer style-358 style-local-373-c10\">\n                  <!---->\n                  <!---->\n                  <h5 class=\"\">visibilizaci\u00f3n<\/h5>\n                <\/div>\n              <\/div>\n              <div data-colibri-id=\"373-c11\" class=\"h-text h-text-component style-359 style-local-373-c11 position-relative h-element\">\n                <!---->\n                <!---->\n                <div class=\"\">\n                  <p>Visibilizaci\u00f3n al colectivo a trav\u00e9s del arte.<\/p>\n                <\/div>\n              <\/div>\n            <\/div>\n          <\/div>\n        <\/div>\n        <div class=\"h-column h-column-container d-flex h-col-lg-4 h-col-md-4 h-col-12 style-356-outer style-local-373-c12-outer\">\n          <div data-colibri-id=\"373-c12\" class=\"d-flex h-flex-basis h-column__inner h-px-lg-2 h-px-md-3 h-px-2 v-inner-lg-0 v-inner-md-3 v-inner-2 style-356 style-local-373-c12 position-relative\">\n            <!---->\n            <!---->\n            <div class=\"w-100 h-y-container h-column__content h-column__v-align flex-basis-100 align-self-lg-start align-self-md-start align-self-start\">\n              <!---->\n              <div data-colibri-id=\"373-c13\" class=\"h-icon style-357 style-local-373-c13 position-relative h-element\">\n                <!----><span class=\"h-svg-icon h-icon__icon style-357-icon style-local-373-c13-icon\"><!--Icon by Font Awesome (https:\/\/fontawesome.com)-->\n    <svg version=\"1.1\" xmlns=\"http:\/\/www.w3.org\/2000\/svg\" xmlns:xlink=\"http:\/\/www.w3.org\/1999\/xlink\" id=\"flag\" viewBox=\"0 0 1792 1896.0833\">\n      <path d=\"M320 256q0 72-64 110v1266q0 13-9.5 22.5T224 1664h-64q-13 0-22.5-9.5T128 1632V366q-64-38-64-110 0-53 37.5-90.5T192 128t90.5 37.5T320 256zm1472 64v763q0 25-12.5 38.5T1740 1149q-215 116-369 116-61 0-123.5-22t-108.5-48-115.5-48-142.5-22q-192 0-464 146-17 9-33 9-26 0-45-19t-19-45V474q0-32 31-55 21-14 79-43 236-120 421-120 107 0 200 29t219 88q38 19 88 19 54 0 117.5-21t110-47 88-47 54.5-21q26 0 45 19t19 45z\"><\/path>\n    <\/svg><\/span><\/div>\n              <div data-colibri-id=\"373-c14\" class=\"h-global-transition-all h-heading style-358 style-local-373-c14 position-relative h-element\">\n                <!---->\n                <div class=\"h-heading__outer style-358 style-local-373-c14\">\n                  <!---->\n                  <!---->\n                  <h5 class=\"\">colectivo trans<\/h5>\n                <\/div>\n              <\/div>\n              <div data-colibri-id=\"373-c15\" class=\"h-text h-text-component style-359 style-local-373-c15 position-relative h-element\">\n                <!---->\n                <!---->\n                <div class=\"\">\n                  <p>Concienciaci\u00f3n de los derechos del colectivo trans.<\/p>\n                <\/div>\n              <\/div>\n            <\/div>\n          <\/div>\n        <\/div>\n      <\/div>\n    <\/div>\n  <\/div>\n<\/div>\n<div data-colibri-component=\"section\" data-colibri-id=\"373-c16\" id=\"exposicion\" class=\"h-section h-section-global-spacing d-flex align-items-lg-center align-items-md-center align-items-center style-323 style-local-373-c16 position-relative\">\n  <!---->\n  <!---->\n  <div class=\"h-section-grid-container h-section-boxed-container\">\n    <div data-colibri-id=\"373-c21\" class=\"h-row-container gutters-row-lg-2 gutters-row-md-2 gutters-row-2 gutters-row-v-lg-2 gutters-row-v-md-2 gutters-row-v-2 style-328 style-local-373-c21 position-relative\">\n      <!---->\n      <div class=\"h-row justify-content-lg-center justify-content-md-center justify-content-center align-items-lg-stretch align-items-md-stretch align-items-stretch gutters-col-lg-2 gutters-col-md-2 gutters-col-2 gutters-col-v-lg-2 gutters-col-v-md-2 gutters-col-v-2\">\n        <!---->\n        <div class=\"h-column h-column-container d-flex h-col-lg-auto h-col-md-auto h-col-auto style-329-outer style-local-373-c22-outer\">\n          <div data-colibri-id=\"373-c22\" class=\"d-flex h-flex-basis h-column__inner h-px-lg-2 h-px-md-2 h-px-2 v-inner-lg-2 v-inner-md-2 v-inner-2 style-329 style-local-373-c22 position-relative\">\n            <!---->\n            <!---->\n            <div class=\"w-100 h-y-container h-column__content h-column__v-align flex-basis-100 align-self-lg-start align-self-md-start align-self-start\">\n              <!---->\n              <div data-colibri-id=\"373-c23\" class=\"h-global-transition-all h-heading style-330 style-local-373-c23 position-relative h-element\">\n                <!---->\n                <div class=\"h-heading__outer style-330 style-local-373-c23\">\n                  <!---->\n                  <!---->\n                  <h5 class=\"\">DESDE LA PERIFERIA AL RESPETO<\/h5>\n                <\/div>\n              <\/div>\n              <div data-colibri-id=\"373-c24\" class=\"h-global-transition-all h-heading style-331 style-local-373-c24 position-relative h-element\">\n                <!---->\n                <div class=\"h-heading__outer style-331 style-local-373-c24\">\n                  <!---->\n                  <!---->\n                  <h2 class=\"\">EXPOSICI\u00d3N&nbsp;<em style=\"font-family: &quot;Playfair Display&quot;; color: rgb(3, 169, 244);\"><br>MEMORIA TRANS<\/em>&nbsp;<\/h2>\n                <\/div>\n              <\/div>\n            <\/div>\n          <\/div>\n        <\/div>\n      <\/div>\n    <\/div>\n    <div data-colibri-id=\"373-c17\" class=\"h-row-container gutters-row-lg-0 gutters-row-md-0 gutters-row-0 gutters-row-v-lg-0 gutters-row-v-md-0 gutters-row-v-0 style-324 style-local-373-c17 h-overflow-hidden position-relative\">\n      <!---->\n      <div class=\"h-row justify-content-lg-center justify-content-md-center justify-content-center align-items-lg-end align-items-md-end align-items-end gutters-col-lg-0 gutters-col-md-0 gutters-col-0 gutters-col-v-lg-0 gutters-col-v-md-0 gutters-col-v-0\">\n        <!---->\n        <div class=\"h-column h-column-container d-flex h-col-lg-auto h-col-md-auto h-col-auto align-self-lg-end align-self-md-end align-self-end style-325-outer style-local-373-c18-outer\">\n          <div data-colibri-id=\"373-c18\" class=\"d-flex h-flex-basis h-column__inner h-ui-empty-state-container h-px-lg-0 h-px-md-0 h-px-0 v-inner-lg-0 v-inner-md-0 v-inner-0 style-325 style-local-373-c18 position-relative\">\n            <!---->\n            <!---->\n            <div class=\"w-100 h-y-container h-column__content h-column__v-align flex-basis-100\">\n              <!---->\n            <\/div>\n          <\/div>\n        <\/div>\n        <div class=\"h-column h-column-container d-flex h-col-lg-auto h-col-md-auto h-col-auto align-self-lg-end align-self-md-end align-self-end style-326-outer style-local-373-c19-outer\">\n          <div data-colibri-id=\"373-c19\" class=\"d-flex h-flex-basis h-column__inner h-ui-empty-state-container h-px-lg-0 h-px-md-0 h-px-0 v-inner-lg-0 v-inner-md-0 v-inner-0 style-326 style-local-373-c19 position-relative\">\n            <!---->\n            <!---->\n            <div class=\"w-100 h-y-container h-column__content h-column__v-align flex-basis-100\">\n              <!---->\n            <\/div>\n          <\/div>\n        <\/div>\n        <div class=\"h-column h-column-container d-flex h-col-lg-auto h-col-md-auto h-col-auto align-self-lg-end align-self-md-end align-self-end style-327-outer style-local-373-c20-outer\">\n          <div data-colibri-id=\"373-c20\" class=\"d-flex h-flex-basis h-column__inner h-ui-empty-state-container h-px-lg-0 h-px-md-0 h-px-0 v-inner-lg-0 v-inner-md-0 v-inner-0 style-327 style-local-373-c20 position-relative\">\n            <!---->\n            <!---->\n            <div class=\"w-100 h-y-container h-column__content h-column__v-align flex-basis-100\">\n              <!---->\n            <\/div>\n          <\/div>\n        <\/div>\n      <\/div>\n    <\/div>\n  <\/div>\n<\/div>\n<div data-colibri-component=\"section\" data-colibri-id=\"373-c25\" id=\"about-2\" class=\"h-section h-section-global-spacing d-flex align-items-lg-center align-items-md-center align-items-center style-332 style-local-373-c25 position-relative\">\n  <!---->\n  <!---->\n  <div class=\"h-section-grid-container h-section-boxed-container\">\n    <div data-colibri-id=\"373-c30\" class=\"h-row-container gutters-row-lg-2 gutters-row-md-2 gutters-row-2 gutters-row-v-lg-2 gutters-row-v-md-2 gutters-row-v-2 style-337 style-local-373-c30 position-relative\">\n      <!---->\n      <div class=\"h-row justify-content-lg-center justify-content-md-center justify-content-center align-items-lg-stretch align-items-md-stretch align-items-stretch gutters-col-lg-2 gutters-col-md-2 gutters-col-2 gutters-col-v-lg-2 gutters-col-v-md-2 gutters-col-v-2\">\n        <!---->\n        <div class=\"h-column h-column-container d-flex h-col-lg-auto h-col-md-auto h-col-auto style-338-outer style-local-373-c31-outer\">\n          <div data-colibri-id=\"373-c31\" class=\"d-flex h-flex-basis h-column__inner h-px-lg-2 h-px-md-2 h-px-2 v-inner-lg-2 v-inner-md-2 v-inner-2 style-338 style-local-373-c31 position-relative\">\n            <!---->\n            <!---->\n            <div class=\"w-100 h-y-container h-column__content h-column__v-align flex-basis-100 align-self-lg-start align-self-md-start align-self-start\">\n              <!---->\n              <div data-colibri-id=\"373-c32\" class=\"h-global-transition-all h-heading style-340 style-local-373-c32 position-relative h-element\">\n                <!---->\n                <div class=\"h-heading__outer style-340 style-local-373-c32\">\n                  <!---->\n                  <!---->\n                  <h2 class=\"\">LA&nbsp;&nbsp;<em style=\"color: rgb(3, 169, 244); font-family: &quot;Playfair Display&quot;;\">JUVENTUD<\/em>&nbsp;<em style=\"color: rgb(3, 169, 244); font-family: &quot;Playfair Display&quot;;\"><br>TRANS<\/em> ES&#8230;<\/h2>\n                <\/div>\n              <\/div>\n              <div data-colibri-id=\"373-c33\" class=\"h-lead h-text h-text-component style-341 style-local-373-c33 position-relative h-element\">\n                <!---->\n                <!---->\n                <div class=\"\">\n                  <p>El proyecto \u00abLa Juventud Trans es&#8230;\u00bb, es una iniciativa de la Federaci\u00f3n Plataforma Trans,\n                    <br>a trav\u00e9s de la cual se pretende naturalizar las identidades de la juventud trans.<\/p>\n                <\/div>\n              <\/div>\n            <\/div>\n          <\/div>\n        <\/div>\n      <\/div>\n    <\/div>\n    <div data-colibri-id=\"373-c26\" class=\"h-row-container gutters-row-lg-0 gutters-row-md-0 gutters-row-0 gutters-row-v-lg-0 gutters-row-v-md-0 gutters-row-v-0 style-333 style-local-373-c26 h-overflow-hidden position-relative\">\n      <!---->\n      <div class=\"h-row justify-content-lg-center justify-content-md-center justify-content-center align-items-lg-end align-items-md-end align-items-end gutters-col-lg-0 gutters-col-md-0 gutters-col-0 gutters-col-v-lg-0 gutters-col-v-md-0 gutters-col-v-0\">\n        <!---->\n        <div class=\"h-column h-column-container d-flex h-col-lg-auto h-col-md-auto h-col-auto align-self-lg-end align-self-md-end align-self-end style-334-outer style-local-373-c27-outer\">\n          <div data-colibri-id=\"373-c27\" class=\"d-flex h-flex-basis h-column__inner h-ui-empty-state-container h-px-lg-0 h-px-md-0 h-px-0 v-inner-lg-0 v-inner-md-0 v-inner-0 style-334 style-local-373-c27 position-relative\">\n            <!---->\n            <!---->\n            <div class=\"w-100 h-y-container h-column__content h-column__v-align flex-basis-100\">\n              <!---->\n            <\/div>\n          <\/div>\n        <\/div>\n        <div class=\"h-column h-column-container d-flex h-col-lg-auto h-col-md-auto h-col-auto align-self-lg-end align-self-md-end align-self-end style-335-outer style-local-373-c28-outer\">\n          <div data-colibri-id=\"373-c28\" class=\"d-flex h-flex-basis h-column__inner h-ui-empty-state-container h-px-lg-0 h-px-md-0 h-px-0 v-inner-lg-0 v-inner-md-0 v-inner-0 style-335 style-local-373-c28 position-relative\">\n            <!---->\n            <!---->\n            <div class=\"w-100 h-y-container h-column__content h-column__v-align flex-basis-100\">\n              <!---->\n            <\/div>\n          <\/div>\n        <\/div>\n        <div class=\"h-column h-column-container d-flex h-col-lg-auto h-col-md-auto h-col-auto align-self-lg-end align-self-md-end align-self-end style-336-outer style-local-373-c29-outer\">\n          <div data-colibri-id=\"373-c29\" class=\"d-flex h-flex-basis h-column__inner h-ui-empty-state-container h-px-lg-0 h-px-md-0 h-px-0 v-inner-lg-0 v-inner-md-0 v-inner-0 style-336 style-local-373-c29 position-relative\">\n            <!---->\n            <!---->\n            <div class=\"w-100 h-y-container h-column__content h-column__v-align flex-basis-100\">\n              <!---->\n            <\/div>\n          <\/div>\n        <\/div>\n      <\/div>\n    <\/div>\n  <\/div>\n<\/div>\n<div data-colibri-component=\"section\" data-colibri-id=\"373-c34\" id=\"about-3\" class=\"h-section h-section-global-spacing d-flex align-items-lg-center align-items-md-center align-items-center style-344 style-local-373-c34 position-relative\">\n  <!---->\n  <!---->\n  <div class=\"h-section-grid-container h-section-boxed-container\">\n    <!---->\n    <div data-colibri-id=\"373-c35\" class=\"h-row-container gutters-row-lg-2 gutters-row-md-2 gutters-row-2 gutters-row-v-lg-2 gutters-row-v-md-2 gutters-row-v-2 style-345 style-local-373-c35 position-relative\">\n      <!---->\n      <div class=\"h-row justify-content-lg-center justify-content-md-center justify-content-center align-items-lg-stretch align-items-md-stretch align-items-stretch gutters-col-lg-2 gutters-col-md-2 gutters-col-2 gutters-col-v-lg-2 gutters-col-v-md-2 gutters-col-v-2\">\n        <!---->\n        <div class=\"h-column h-column-container d-flex h-col-lg-auto h-col-md-auto h-col-auto style-346-outer style-local-373-c36-outer\">\n          <div data-colibri-id=\"373-c36\" class=\"d-flex h-flex-basis h-column__inner h-px-lg-2 h-px-md-2 h-px-2 v-inner-lg-2 v-inner-md-2 v-inner-2 style-346 style-local-373-c36 position-relative\">\n            <!---->\n            <!---->\n            <div class=\"w-100 h-y-container h-column__content h-column__v-align flex-basis-100 align-self-lg-center align-self-md-center align-self-center\">\n              <!---->\n              <div data-colibri-id=\"373-c37\" class=\"h-lead h-text h-text-component style-349 style-local-373-c37 position-relative h-element\">\n                <!---->\n                <!---->\n                <div class=\"\">\n                  <p>Este proyecto consta de quince im\u00e1genes de j\u00f3venes trans adem\u00e1s de un video promocional. El objetivo es fomentar la visibilidad de la juventud trans. La finalidad de esta exposici\u00f3n no es otra que la de concienciar y generar un pensamiento\n                    reflexivo sobre la riqueza de la diversidad humana, as\u00ed como el fomento del respeto hacia las identidades trans.\n                    <br>Se trata de una herramienta de \u00e1nimo para aquellas personas j\u00f3venes trans a las que se les priva de una vida con su identidad real, siendo sometidas a identificarse con una sexualidad que no les define debido a los prejuicios sociales.<\/p>\n                <\/div>\n              <\/div>\n            <\/div>\n          <\/div>\n        <\/div>\n        <div class=\"h-column h-column-container d-flex h-col-lg-auto h-col-md-auto h-col-auto style-352-outer style-local-373-c38-outer\">\n          <div data-colibri-id=\"373-c38\" class=\"d-flex h-flex-basis h-column__inner h-px-lg-2 h-px-md-2 h-px-2 v-inner-lg-2 v-inner-md-2 v-inner-2 style-352 style-local-373-c38 position-relative\">\n            <!---->\n            <!---->\n            <div class=\"w-100 h-y-container h-column__content h-column__v-align flex-basis-100 align-self-lg-center align-self-md-center align-self-center\">\n              <!---->\n              <div data-colibri-id=\"373-c39\" class=\"d-block style-353 style-local-373-c39 position-relative h-element\">\n                <!---->\n                <div class=\"h-image__frame-container-outer\">\n                  <div class=\"h-image__frame-container\">\n                    <!---->\n                    <!---->\n                    <img loading=\"lazy\" decoding=\"async\" width=\"1997\" height=\"1411\" src=\"https:\/\/plataformatrans.es\/wp-content\/uploads\/2026\/05\/cropped-2-1.png\" class=\"wp-image-3253 style-353-image style-local-373-c39-image\" alt=\"\" srcset=\"https:\/\/plataformatrans.es\/wp-content\/uploads\/2026\/05\/cropped-2-1.png 1997w, https:\/\/plataformatrans.es\/wp-content\/uploads\/2026\/05\/cropped-2-1-300x212.png 300w, https:\/\/plataformatrans.es\/wp-content\/uploads\/2026\/05\/cropped-2-1-1024x724.png 1024w, https:\/\/plataformatrans.es\/wp-content\/uploads\/2026\/05\/cropped-2-1-768x543.png 768w, https:\/\/plataformatrans.es\/wp-content\/uploads\/2026\/05\/cropped-2-1-1536x1085.png 1536w\" sizes=\"auto, (max-width: 1997px) 100vw, 1997px\" \/>\n                    <div class=\"h-image__frame h-hide-sm style-353-frameImage style-local-373-c39-frameImage\"><\/div>\n                  <\/div>\n                <\/div>\n              <\/div>\n            <\/div>\n          <\/div>\n        <\/div>\n      <\/div>\n    <\/div>\n  <\/div>\n<\/div>\n<div data-colibri-component=\"section\" data-colibri-id=\"373-c40\" id=\"about-4\" class=\"h-section h-section-global-spacing d-flex align-items-lg-center align-items-md-center align-items-center style-583 style-local-373-c40 position-relative\">\n  <!---->\n  <!---->\n  <div class=\"h-section-grid-container h-section-boxed-container\">\n    <!---->\n    <div data-colibri-id=\"373-c41\" class=\"h-row-container gutters-row-lg-2 gutters-row-md-2 gutters-row-2 gutters-row-v-lg-2 gutters-row-v-md-2 gutters-row-v-2 style-584 style-local-373-c41 position-relative\">\n      <!---->\n      <div class=\"h-row justify-content-lg-center justify-content-md-center justify-content-center align-items-lg-stretch align-items-md-stretch align-items-stretch gutters-col-lg-2 gutters-col-md-2 gutters-col-2 gutters-col-v-lg-2 gutters-col-v-md-2 gutters-col-v-2\">\n        <!---->\n        <div class=\"h-column h-column-container d-flex h-col-lg-auto h-col-md-auto h-col-auto style-585-outer style-local-373-c42-outer\">\n          <div data-colibri-id=\"373-c42\" class=\"d-flex h-flex-basis h-column__inner h-px-lg-2 h-px-md-2 h-px-2 v-inner-lg-2 v-inner-md-2 v-inner-2 style-585 style-local-373-c42 position-relative\">\n            <!---->\n            <!---->\n            <div class=\"w-100 h-y-container h-column__content h-column__v-align flex-basis-100 align-self-lg-center align-self-md-center align-self-center\">\n              <!---->\n              <div data-colibri-id=\"373-c43\" class=\"h-global-transition-all h-heading style-587 style-local-373-c43 position-relative h-element\">\n                <!---->\n                <div class=\"h-heading__outer style-587 style-local-373-c43\">\n                  <!---->\n                  <!---->\n                  <h3 class=\"\"><em style=\"font-family: &quot;Playfair Display&quot;; color: rgb(3, 169, 244);\">Spot<\/em>&nbsp;desde una mirada&nbsp;<em style=\"font-family: &quot;Playfair Display&quot;; color: rgb(3, 169, 244);\">transpositiva<\/em>&nbsp;<\/h3>\n                <\/div>\n              <\/div>\n              <div data-colibri-id=\"373-c44\" class=\"h-lead h-text h-text-component style-588 style-local-373-c44 position-relative h-element\">\n                <!---->\n                <!---->\n                <div class=\"\">\n                  <p>\u00abDesde una mirada trans-positiva\u00bb es una pieza audiovisual que recopila diversos testimonios en primera persona de personas trans, sus parejas y familias. El v\u00eddeo se aleja deliberadamente de las narrativas tradicionales centradas exclusivamente\n                    en el sufrimiento y la discriminaci\u00f3n, para poner el foco en <strong>historias de \u00e9xito, aceptaci\u00f3n, normalidad y respeto<\/strong> en los diferentes \u00e1mbitos de la vida cotidiana.\n                    <br>El prop\u00f3sito fundamental de este spot es demostrar que <strong>la inclusi\u00f3n real es posible cuando la sociedad act\u00faa desde la empat\u00eda y la normalidad<\/strong>. Cuando los entornos familiares, laborales, educativos y deportivos deciden\n                    apoyar y respetar la identidad de las personas trans, los miedos individuales se disipan, permitiendo que lleven vidas plenas, exitosas y completamente integradas en la sociedad.\n                    <br>\n                  <\/p>\n                <\/div>\n              <\/div>\n              <div data-colibri-id=\"373-c45\" class=\"h-x-container style-589 style-local-373-c45 position-relative h-element\">\n                <!---->\n                <div class=\"h-x-container-inner style-dynamic-373-c45-group style-589-spacing style-local-373-c45-spacing\"><span class=\"h-button__outer style-590-outer style-local-373-c46-outer d-inline-flex h-element\"><a h-use-smooth-scroll=\"true\" href=\"https:\/\/www.youtube.com\/watch?v=Lp7PhPUSOnM\"  data-colibri-id=\"373-c46\" class=\"d-flex w-100 align-items-center h-button justify-content-lg-center justify-content-md-center justify-content-center style-590 style-local-373-c46 position-relative\"><!----><!----> <span>visibil\u00edzate<\/span><\/a>\n                  <\/span>\n                <\/div>\n              <\/div>\n            <\/div>\n          <\/div>\n        <\/div>\n        <div class=\"h-column h-column-container d-flex h-col-lg-auto h-col-md-auto h-col-auto style-591-outer style-local-373-c47-outer\">\n          <div data-colibri-id=\"373-c47\" class=\"d-flex h-flex-basis h-column__inner h-px-lg-2 h-px-md-2 h-px-2 v-inner-lg-2 v-inner-md-2 v-inner-2 style-591 style-local-373-c47 position-relative\">\n            <!---->\n            <!---->\n            <div class=\"w-100 h-y-container h-column__content h-column__v-align flex-basis-100 align-self-lg-center align-self-md-center align-self-center\">\n              <!---->\n              <div data-colibri-id=\"373-c48\" class=\"d-block style-592 style-local-373-c48 position-relative h-element\">\n                <!---->\n                <div class=\"h-image__frame-container-outer\">\n                  <div class=\"h-image__frame-container\">\n                    <!---->\n                    <!---->\n                    <img loading=\"lazy\" decoding=\"async\" width=\"1170\" height=\"674\" src=\"https:\/\/plataformatrans.es\/wp-content\/uploads\/2026\/07\/cropped-Captura-de-pantalla-2026-07-01-111904-1.png\" class=\"wp-image-3498 style-592-image style-local-373-c48-image\" alt=\"\" srcset=\"https:\/\/plataformatrans.es\/wp-content\/uploads\/2026\/07\/cropped-Captura-de-pantalla-2026-07-01-111904-1.png 1170w, https:\/\/plataformatrans.es\/wp-content\/uploads\/2026\/07\/cropped-Captura-de-pantalla-2026-07-01-111904-1-300x173.png 300w, https:\/\/plataformatrans.es\/wp-content\/uploads\/2026\/07\/cropped-Captura-de-pantalla-2026-07-01-111904-1-1024x590.png 1024w, https:\/\/plataformatrans.es\/wp-content\/uploads\/2026\/07\/cropped-Captura-de-pantalla-2026-07-01-111904-1-768x442.png 768w, https:\/\/plataformatrans.es\/wp-content\/uploads\/2026\/07\/cropped-Captura-de-pantalla-2026-07-01-111904-1-330x190.png 330w\" sizes=\"auto, (max-width: 1170px) 100vw, 1170px\" \/>\n                    <div class=\"h-image__frame h-hide-sm style-592-frameImage style-local-373-c48-frameImage\"><\/div>\n                  <\/div>\n                <\/div>\n              <\/div>\n            <\/div>\n          <\/div>\n        <\/div>\n      <\/div>\n    <\/div>\n  <\/div>\n<\/div>\n<\/div>","protected":false},"excerpt":{"rendered":"<p>obras y exposiciones Obras y exposiciones culturales sobre y para el colectivo trans. visibilizaci\u00f3n Visibilizaci\u00f3n al colectivo a trav\u00e9s del arte. colectivo trans Concienciaci\u00f3n de los derechos del colectivo trans. DESDE LA PERIFERIA AL RESPETO EXPOSICI\u00d3N&nbsp;MEMORIA TRANS&nbsp; LA&nbsp;&nbsp;JUVENTUD&nbsp;TRANS ES&#8230; El proyecto \u00abLa Juventud Trans es&#8230;\u00bb, es una iniciativa de la Federaci\u00f3n Plataforma Trans, a trav\u00e9s [&hellip;]<\/p>\n","protected":false},"author":1,"featured_media":0,"parent":0,"menu_order":0,"comment_status":"closed","ping_status":"closed","template":"page-templates\/full-width-page.php","meta":{"give_campaign_id":0,"footnotes":""},"class_list":["post-373","page","type-page","status-publish","hentry"],"aioseo_notices":[],"campaignId":"","brizy_media":[],"_links":{"self":[{"href":"https:\/\/plataformatrans.es\/index.php\/wp-json\/wp\/v2\/pages\/373","targetHints":{"allow":["GET"]}}],"collection":[{"href":"https:\/\/plataformatrans.es\/index.php\/wp-json\/wp\/v2\/pages"}],"about":[{"href":"https:\/\/plataformatrans.es\/index.php\/wp-json\/wp\/v2\/types\/page"}],"author":[{"embeddable":true,"href":"https:\/\/plataformatrans.es\/index.php\/wp-json\/wp\/v2\/users\/1"}],"replies":[{"embeddable":true,"href":"https:\/\/plataformatrans.es\/index.php\/wp-json\/wp\/v2\/comments?post=373"}],"version-history":[{"count":13,"href":"https:\/\/plataformatrans.es\/index.php\/wp-json\/wp\/v2\/pages\/373\/revisions"}],"predecessor-version":[{"id":3885,"href":"https:\/\/plataformatrans.es\/index.php\/wp-json\/wp\/v2\/pages\/373\/revisions\/3885"}],"wp:attachment":[{"href":"https:\/\/plataformatrans.es\/index.php\/wp-json\/wp\/v2\/media?parent=373"}],"curies":[{"name":"wp","href":"https:\/\/api.w.org\/{rel}","templated":true}]}}