{"id":241,"date":"2023-05-01T00:11:12","date_gmt":"2023-05-01T00:11:12","guid":{"rendered":"http:\/\/plataformatrans.es\/?page_id=241"},"modified":"2025-11-17T11:26:28","modified_gmt":"2025-11-17T09:26:28","slug":"juventudes-plataforma-trans","status":"publish","type":"page","link":"https:\/\/plataformatrans.es\/index.php\/juventudes-plataforma-trans\/","title":{"rendered":"Juventudes Plataforma Trans"},"content":{"rendered":"<h1 style=\"text-align: center;\">Juventudes Plataforma Trans<\/h1>\n<p>&nbsp;<\/p>\n<p><img loading=\"lazy\" decoding=\"async\" class=\"alignnone wp-image-243\" src=\"http:\/\/plataformatrans.es\/wp-content\/uploads\/2023\/05\/1500x500-1024x341.jpg\" alt=\"\" width=\"987\" height=\"329\" srcset=\"https:\/\/plataformatrans.es\/wp-content\/uploads\/2023\/05\/1500x500-1024x341.jpg 1024w, https:\/\/plataformatrans.es\/wp-content\/uploads\/2023\/05\/1500x500-300x100.jpg 300w, https:\/\/plataformatrans.es\/wp-content\/uploads\/2023\/05\/1500x500-768x256.jpg 768w, https:\/\/plataformatrans.es\/wp-content\/uploads\/2023\/05\/1500x500-180x60.jpg 180w, https:\/\/plataformatrans.es\/wp-content\/uploads\/2023\/05\/1500x500.jpg 1500w\" sizes=\"auto, (max-width: 987px) 100vw, 987px\" \/><\/p>\n<p>Las juventudes de la plataforma Trans es la secci\u00f3n juvenil perteneciente a la Federaci\u00f3n y a todas sus entidades representadas.<\/p>\n<p><img loading=\"lazy\" decoding=\"async\" class=\"alignnone size-large wp-image-244\" src=\"http:\/\/plataformatrans.es\/wp-content\/uploads\/2023\/05\/FfvtAd3XEAEbd88-1024x576.jpg\" alt=\"\" width=\"1020\" height=\"574\" srcset=\"https:\/\/plataformatrans.es\/wp-content\/uploads\/2023\/05\/FfvtAd3XEAEbd88-1024x576.jpg 1024w, https:\/\/plataformatrans.es\/wp-content\/uploads\/2023\/05\/FfvtAd3XEAEbd88-300x169.jpg 300w, https:\/\/plataformatrans.es\/wp-content\/uploads\/2023\/05\/FfvtAd3XEAEbd88-768x432.jpg 768w, https:\/\/plataformatrans.es\/wp-content\/uploads\/2023\/05\/FfvtAd3XEAEbd88-1536x864.jpg 1536w, https:\/\/plataformatrans.es\/wp-content\/uploads\/2023\/05\/FfvtAd3XEAEbd88-107x60.jpg 107w, https:\/\/plataformatrans.es\/wp-content\/uploads\/2023\/05\/FfvtAd3XEAEbd88.jpg 1600w\" sizes=\"auto, (max-width: 1020px) 100vw, 1020px\" \/><\/p>\n<p>Acoge a los, las y les jovenes desde la edad de catorce a treinta a\u00f1os, fomentando el activismo juvenil, la sororidad y el trabajo en equipo dentro de nuestro colectivo, \u00danete a nosotres!<\/p>\n<p><img loading=\"lazy\" decoding=\"async\" class=\"alignnone size-large wp-image-245\" src=\"http:\/\/plataformatrans.es\/wp-content\/uploads\/2023\/05\/FhgcWGyXgAEdHHn-1024x682.jpg\" alt=\"\" width=\"1020\" height=\"679\" srcset=\"https:\/\/plataformatrans.es\/wp-content\/uploads\/2023\/05\/FhgcWGyXgAEdHHn-1024x682.jpg 1024w, https:\/\/plataformatrans.es\/wp-content\/uploads\/2023\/05\/FhgcWGyXgAEdHHn-300x200.jpg 300w, https:\/\/plataformatrans.es\/wp-content\/uploads\/2023\/05\/FhgcWGyXgAEdHHn-768x512.jpg 768w, https:\/\/plataformatrans.es\/wp-content\/uploads\/2023\/05\/FhgcWGyXgAEdHHn-450x300.jpg 450w, https:\/\/plataformatrans.es\/wp-content\/uploads\/2023\/05\/FhgcWGyXgAEdHHn-90x60.jpg 90w, https:\/\/plataformatrans.es\/wp-content\/uploads\/2023\/05\/FhgcWGyXgAEdHHn.jpg 1280w\" sizes=\"auto, (max-width: 1020px) 100vw, 1020px\" \/><\/p>\n<p>Twitter: <a href=\"https:\/\/twitter.com\/JuvPlatafTrans\">@JuvPlatafTrans<\/a><br \/>\ne-mail:\u00a0 juventudes@plataformatrans.es<\/p>\n","protected":false},"excerpt":{"rendered":"<p>Juventudes Plataforma Trans &nbsp; Las juventudes de la plataforma Trans es la secci\u00f3n juvenil perteneciente a la Federaci\u00f3n y a todas sus entidades representadas. Acoge a los, las y les jovenes desde la edad de catorce a treinta a\u00f1os, fomentando el activismo juvenil, la sororidad y el trabajo en equipo dentro de nuestro colectivo, \u00danete [&hellip;]<\/p>\n","protected":false},"author":1,"featured_media":0,"parent":0,"menu_order":0,"comment_status":"closed","ping_status":"closed","template":"","meta":{"footnotes":""},"class_list":["post-241","page","type-page","status-publish","hentry"],"brizy_media":[],"_links":{"self":[{"href":"https:\/\/plataformatrans.es\/index.php\/wp-json\/wp\/v2\/pages\/241","targetHints":{"allow":["GET"]}}],"collection":[{"href":"https:\/\/plataformatrans.es\/index.php\/wp-json\/wp\/v2\/pages"}],"about":[{"href":"https:\/\/plataformatrans.es\/index.php\/wp-json\/wp\/v2\/types\/page"}],"author":[{"embeddable":true,"href":"https:\/\/plataformatrans.es\/index.php\/wp-json\/wp\/v2\/users\/1"}],"replies":[{"embeddable":true,"href":"https:\/\/plataformatrans.es\/index.php\/wp-json\/wp\/v2\/comments?post=241"}],"version-history":[{"count":8,"href":"https:\/\/plataformatrans.es\/index.php\/wp-json\/wp\/v2\/pages\/241\/revisions"}],"predecessor-version":[{"id":2725,"href":"https:\/\/plataformatrans.es\/index.php\/wp-json\/wp\/v2\/pages\/241\/revisions\/2725"}],"wp:attachment":[{"href":"https:\/\/plataformatrans.es\/index.php\/wp-json\/wp\/v2\/media?parent=241"}],"curies":[{"name":"wp","href":"https:\/\/api.w.org\/{rel}","templated":true}]}}